{"id":540,"date":"2024-04-18T11:39:57","date_gmt":"2024-04-18T09:39:57","guid":{"rendered":"https:\/\/www.bardzomlodakultura.pl\/?page_id=540"},"modified":"2024-04-18T12:18:17","modified_gmt":"2024-04-18T10:18:17","slug":"sztuka","status":"publish","type":"page","link":"https:\/\/www.bardzomlodakultura.pl\/index.php\/sztuka\/","title":{"rendered":"Sztuka"},"content":{"rendered":"<style>.kb-row-layout-id540_e59b63-86 > .kt-row-column-wrap{align-content:start;}:where(.kb-row-layout-id540_e59b63-86 > .kt-row-column-wrap) > .wp-block-kadence-column{justify-content:start;}.kb-row-layout-id540_e59b63-86 > .kt-row-column-wrap{column-gap:var(--global-kb-gap-md, 2rem);row-gap:var(--global-kb-gap-md, 2rem);padding-top:var(--global-kb-spacing-xxl, 5rem);padding-bottom:var(--global-kb-spacing-xxl, 5rem);grid-template-columns:minmax(0, calc(10% - ((var(--global-kb-gap-md, 2rem) * 2 )\/3)))minmax(0, calc(80% - ((var(--global-kb-gap-md, 2rem) * 2 )\/3)))minmax(0, calc(10% - ((var(--global-kb-gap-md, 2rem) * 2 )\/3)));}.kb-row-layout-id540_e59b63-86 > .kt-row-layout-overlay{opacity:0.30;}@media all and (max-width: 1024px){.kb-row-layout-id540_e59b63-86 > .kt-row-column-wrap > div:not(.added-for-specificity){grid-column:initial;}}@media all and (max-width: 1024px){.kb-row-layout-id540_e59b63-86 > .kt-row-column-wrap{grid-template-columns:minmax(0, 1fr) minmax(0, 6fr) minmax(0, 1fr);}}@media all and (max-width: 767px){.kb-row-layout-id540_e59b63-86 > .kt-row-column-wrap > div:not(.added-for-specificity){grid-column:initial;}.kb-row-layout-id540_e59b63-86 > .kt-row-column-wrap{grid-template-columns:minmax(0, 1fr);}}<\/style><div class=\"kb-row-layout-wrap kb-row-layout-id540_e59b63-86 alignnone wp-block-kadence-rowlayout\"><div class=\"kt-row-column-wrap kt-has-3-columns kt-row-layout-center-exwide kt-tab-layout-inherit kt-mobile-layout-row kt-row-valign-top\">\n<style>.kadence-column540_70f750-81 > .kt-inside-inner-col,.kadence-column540_70f750-81 > .kt-inside-inner-col:before{border-top-left-radius:0px;border-top-right-radius:0px;border-bottom-right-radius:0px;border-bottom-left-radius:0px;}.kadence-column540_70f750-81 > .kt-inside-inner-col{column-gap:var(--global-kb-gap-sm, 1rem);}.kadence-column540_70f750-81 > .kt-inside-inner-col{flex-direction:column;}.kadence-column540_70f750-81 > .kt-inside-inner-col > .aligncenter{width:100%;}.kadence-column540_70f750-81 > .kt-inside-inner-col:before{opacity:0.3;}.kadence-column540_70f750-81{position:relative;}@media all and (max-width: 1024px){.kadence-column540_70f750-81 > .kt-inside-inner-col{flex-direction:column;justify-content:center;}}@media all and (max-width: 767px){.kadence-column540_70f750-81 > .kt-inside-inner-col{flex-direction:column;justify-content:center;}}<\/style>\n<div class=\"wp-block-kadence-column kadence-column540_70f750-81\"><div class=\"kt-inside-inner-col\"><\/div><\/div>\n\n\n<style>.kadence-column540_5f867d-e0 > .kt-inside-inner-col,.kadence-column540_5f867d-e0 > .kt-inside-inner-col:before{border-top-left-radius:0px;border-top-right-radius:0px;border-bottom-right-radius:0px;border-bottom-left-radius:0px;}.kadence-column540_5f867d-e0 > .kt-inside-inner-col{column-gap:var(--global-kb-gap-sm, 1rem);}.kadence-column540_5f867d-e0 > .kt-inside-inner-col{flex-direction:column;}.kadence-column540_5f867d-e0 > .kt-inside-inner-col > .aligncenter{width:100%;}.kadence-column540_5f867d-e0 > .kt-inside-inner-col:before{opacity:0.3;}.kadence-column540_5f867d-e0{position:relative;}@media all and (max-width: 1024px){.kadence-column540_5f867d-e0 > .kt-inside-inner-col{flex-direction:column;justify-content:center;}}@media all and (max-width: 767px){.kadence-column540_5f867d-e0 > .kt-inside-inner-col{flex-direction:column;justify-content:center;}}<\/style>\n<div class=\"wp-block-kadence-column kadence-column540_5f867d-e0\"><div class=\"kt-inside-inner-col\"><style>.kb-posts-id-540_0eddef-6e .kb-post-list-item{display:grid;}<\/style><ul class=\"wp-block-kadence-posts kb-posts kadence-posts-list kb-posts-id-540_0eddef-6e content-wrap grid-cols kb-posts-style-boxed grid-sm-col-2 grid-lg-col-2 item-image-style-above\"><li class=\"kb-post-list-item\">\n\t<article class=\"entry content-bg loop-entry post-650 post type-post status-publish format-standard has-post-thumbnail hentry category-sztuka\">\n\t\t\t\t<a aria-hidden=\"true\" tabindex=\"-1\" role=\"presentation\" class=\"post-thumbnail kadence-thumbnail-ratio-2-3\" href=\"https:\/\/www.bardzomlodakultura.pl\/index.php\/2025\/02\/28\/jak-mlodzi-artysci-moga-stworzyc-pierwsza-wystawe-sztuki-modernistycznej-w-galerii-sztuki-przewodnik-dla-debiutantow\/\" aria-label=\"Jak m\u0142odzi arty\u015bci mog\u0105 stworzy\u0107 pierwsz\u0105 wystaw\u0119 sztuki modernistycznej w galerii sztuki? Przewodnik dla debiutant\u00f3w\">\n\t\t\t<div class=\"post-thumbnail-inner\">\n\t\t\t\t<img loading=\"lazy\" decoding=\"async\" width=\"768\" height=\"512\" src=\"https:\/\/www.bardzomlodakultura.pl\/wp-content\/uploads\/2025\/02\/shutterstock_2499556955-1-768x512.jpg\" class=\"attachment-medium_large size-medium_large wp-post-image\" alt=\"Jak m\u0142odzi arty\u015bci mog\u0105 stworzy\u0107 pierwsz\u0105 wystaw\u0119 sztuki modernistycznej w galerii sztuki? Przewodnik dla debiutant\u00f3w\" srcset=\"https:\/\/www.bardzomlodakultura.pl\/wp-content\/uploads\/2025\/02\/shutterstock_2499556955-1-768x512.jpg 768w, https:\/\/www.bardzomlodakultura.pl\/wp-content\/uploads\/2025\/02\/shutterstock_2499556955-1-300x200.jpg 300w, https:\/\/www.bardzomlodakultura.pl\/wp-content\/uploads\/2025\/02\/shutterstock_2499556955-1.jpg 1000w\" sizes=\"auto, (max-width: 768px) 100vw, 768px\" \/>\t\t\t<\/div>\n\t\t<\/a><!-- .post-thumbnail -->\n\t\t\t\t<div class=\"entry-content-wrap\">\n\t\t\t<header class=\"entry-header\">\n\t<h3 class=\"entry-title\"><a href=\"https:\/\/www.bardzomlodakultura.pl\/index.php\/2025\/02\/28\/jak-mlodzi-artysci-moga-stworzyc-pierwsza-wystawe-sztuki-modernistycznej-w-galerii-sztuki-przewodnik-dla-debiutantow\/\" rel=\"bookmark\">Jak m\u0142odzi arty\u015bci mog\u0105 stworzy\u0107 pierwsz\u0105 wystaw\u0119 sztuki modernistycznej w galerii sztuki? Przewodnik dla debiutant\u00f3w<\/a><\/h3><\/header><!-- .entry-header -->\n\t<div class=\"entry-summary\">\n\t\t<p>Rozpocz\u0119cie kariery artystycznej cz\u0119sto wi\u0105\u017ce si\u0119 z marzeniem o w\u0142asnej wystawie. Dla m\u0142odych tw\u00f3rc\u00f3w organizacja pierwszej ekspozycji w galerii sztuki modernistycznej mo\u017ce wydawa\u0107 si\u0119 wyzwaniem. Z Odpowiednim przygotowaniem i planowaniem, to marzenie jest w zasi\u0119gu r\u0119ki. Chcesz dowiedzie\u0107 si\u0119, jak mo\u017cesz dzia\u0142a\u0107 jako m\u0142ody artysta? Sprawd\u017a kr\u00f3tki poradnik! Jakie kroki nale\u017cy podj\u0105\u0107, aby zorganizowa\u0107 pierwsz\u0105&#8230;<\/p>\n\t<\/div><!-- .entry-summary -->\n\t<footer class=\"entry-footer\">\n\t\t\t<div class=\"entry-actions\">\n\t\t\t<p class=\"more-link-wrap\">\n\t\t\t\t<a href=\"https:\/\/www.bardzomlodakultura.pl\/index.php\/2025\/02\/28\/jak-mlodzi-artysci-moga-stworzyc-pierwsza-wystawe-sztuki-modernistycznej-w-galerii-sztuki-przewodnik-dla-debiutantow\/\" class=\"post-more-link\">\n\t\t\t\t\tCzytaj wi\u0119cej<span class=\"screen-reader-text\"> Jak m\u0142odzi arty\u015bci mog\u0105 stworzy\u0107 pierwsz\u0105 wystaw\u0119 sztuki modernistycznej w galerii sztuki? Przewodnik dla debiutant\u00f3w<\/span><span class=\"kadence-svg-iconset svg-baseline\"><svg aria-hidden=\"true\" class=\"kadence-svg-icon kadence-arrow-right-alt-svg\" fill=\"currentColor\" version=\"1.1\" xmlns=\"http:\/\/www.w3.org\/2000\/svg\" width=\"27\" height=\"28\" viewBox=\"0 0 27 28\"><title>Kontynuuj<\/title><path d=\"M27 13.953c0 0.141-0.063 0.281-0.156 0.375l-6 5.531c-0.156 0.141-0.359 0.172-0.547 0.094-0.172-0.078-0.297-0.25-0.297-0.453v-3.5h-19.5c-0.281 0-0.5-0.219-0.5-0.5v-3c0-0.281 0.219-0.5 0.5-0.5h19.5v-3.5c0-0.203 0.109-0.375 0.297-0.453s0.391-0.047 0.547 0.078l6 5.469c0.094 0.094 0.156 0.219 0.156 0.359v0z\"><\/path>\n\t\t\t<\/svg><\/span>\t\t\t\t<\/a>\n\t\t\t<\/p>\n\t\t<\/div><!-- .entry-actions -->\n\t\t<\/footer><!-- .entry-footer -->\t\t<\/div>\n\t<\/article>\n<\/li>\n<li class=\"kb-post-list-item\">\n\t<article class=\"entry content-bg loop-entry post-616 post type-post status-publish format-standard has-post-thumbnail hentry category-sztuka category-wydarzenia\">\n\t\t\t\t<a aria-hidden=\"true\" tabindex=\"-1\" role=\"presentation\" class=\"post-thumbnail kadence-thumbnail-ratio-2-3\" href=\"https:\/\/www.bardzomlodakultura.pl\/index.php\/2024\/04\/18\/sztuka-w-ruchu-warsztaty-taneczne-i-teatralne-dla-dzieci-i-mlodziezy\/\" aria-label=\"Sztuka W Ruchu: Warsztaty Taneczne i Teatralne Dla Dzieci i M\u0142odzie\u017cy\">\n\t\t\t<div class=\"post-thumbnail-inner\">\n\t\t\t\t<img loading=\"lazy\" decoding=\"async\" width=\"768\" height=\"512\" src=\"https:\/\/www.bardzomlodakultura.pl\/wp-content\/uploads\/2024\/04\/kurs-tanca-12312-1024x683.jpg\" class=\"attachment-medium_large size-medium_large wp-post-image\" alt=\"kurs ta\u0144ca\" \/>\t\t\t<\/div>\n\t\t<\/a><!-- .post-thumbnail -->\n\t\t\t\t<div class=\"entry-content-wrap\">\n\t\t\t<header class=\"entry-header\">\n\t<h3 class=\"entry-title\"><a href=\"https:\/\/www.bardzomlodakultura.pl\/index.php\/2024\/04\/18\/sztuka-w-ruchu-warsztaty-taneczne-i-teatralne-dla-dzieci-i-mlodziezy\/\" rel=\"bookmark\">Sztuka W Ruchu: Warsztaty Taneczne i Teatralne Dla Dzieci i M\u0142odzie\u017cy<\/a><\/h3><\/header><!-- .entry-header -->\n\t<div class=\"entry-summary\">\n\t\t<p>Sztuka w ruchu to nie tylko forma ekspresji, ale tak\u017ce \u015brodek do wyra\u017cania emocji i kreatywno\u015bci. Na Dolnym \u015al\u0105sku organizowane s\u0105 warsztaty taneczne i teatralne dla dzieci i m\u0142odzie\u017cy, kt\u00f3re pozwalaj\u0105 uczestnikom rozwija\u0107 umiej\u0119tno\u015bci scenicznego wyrazu oraz odkrywa\u0107 magi\u0119 sztuki. W niniejszym artykule zaprezentujemy Ci Sztuk\u0119 W Ruchu, gdzie ruch staje si\u0119 j\u0119zykiem wyrazu i&#8230;<\/p>\n\t<\/div><!-- .entry-summary -->\n\t<footer class=\"entry-footer\">\n\t\t\t<div class=\"entry-actions\">\n\t\t\t<p class=\"more-link-wrap\">\n\t\t\t\t<a href=\"https:\/\/www.bardzomlodakultura.pl\/index.php\/2024\/04\/18\/sztuka-w-ruchu-warsztaty-taneczne-i-teatralne-dla-dzieci-i-mlodziezy\/\" class=\"post-more-link\">\n\t\t\t\t\tCzytaj wi\u0119cej<span class=\"screen-reader-text\"> Sztuka W Ruchu: Warsztaty Taneczne i Teatralne Dla Dzieci i M\u0142odzie\u017cy<\/span><span class=\"kadence-svg-iconset svg-baseline\"><svg aria-hidden=\"true\" class=\"kadence-svg-icon kadence-arrow-right-alt-svg\" fill=\"currentColor\" version=\"1.1\" xmlns=\"http:\/\/www.w3.org\/2000\/svg\" width=\"27\" height=\"28\" viewBox=\"0 0 27 28\"><title>Kontynuuj<\/title><path d=\"M27 13.953c0 0.141-0.063 0.281-0.156 0.375l-6 5.531c-0.156 0.141-0.359 0.172-0.547 0.094-0.172-0.078-0.297-0.25-0.297-0.453v-3.5h-19.5c-0.281 0-0.5-0.219-0.5-0.5v-3c0-0.281 0.219-0.5 0.5-0.5h19.5v-3.5c0-0.203 0.109-0.375 0.297-0.453s0.391-0.047 0.547 0.078l6 5.469c0.094 0.094 0.156 0.219 0.156 0.359v0z\"><\/path>\n\t\t\t<\/svg><\/span>\t\t\t\t<\/a>\n\t\t\t<\/p>\n\t\t<\/div><!-- .entry-actions -->\n\t\t<\/footer><!-- .entry-footer -->\t\t<\/div>\n\t<\/article>\n<\/li>\n<li class=\"kb-post-list-item\">\n\t<article class=\"entry content-bg loop-entry post-590 post type-post status-publish format-standard has-post-thumbnail hentry category-kultura category-sztuka\">\n\t\t\t\t<a aria-hidden=\"true\" tabindex=\"-1\" role=\"presentation\" class=\"post-thumbnail kadence-thumbnail-ratio-2-3\" href=\"https:\/\/www.bardzomlodakultura.pl\/index.php\/2024\/04\/18\/skrzydla-kultury-kursy-tanca-i-teatru-dla-mlodych-talentow-na-dolnym-slasku\/\" aria-label=\"Skrzyd\u0142a Kultury: Kursy Ta\u0144ca i Teatru Dla M\u0142odych Talent\u00f3w na Dolnym \u015al\u0105sku\">\n\t\t\t<div class=\"post-thumbnail-inner\">\n\t\t\t\t<img loading=\"lazy\" decoding=\"async\" width=\"768\" height=\"512\" src=\"https:\/\/www.bardzomlodakultura.pl\/wp-content\/uploads\/2024\/04\/kurs-tanca-12312-1024x683.jpg\" class=\"attachment-medium_large size-medium_large wp-post-image\" alt=\"kurs ta\u0144ca\" \/>\t\t\t<\/div>\n\t\t<\/a><!-- .post-thumbnail -->\n\t\t\t\t<div class=\"entry-content-wrap\">\n\t\t\t<header class=\"entry-header\">\n\t<h3 class=\"entry-title\"><a href=\"https:\/\/www.bardzomlodakultura.pl\/index.php\/2024\/04\/18\/skrzydla-kultury-kursy-tanca-i-teatru-dla-mlodych-talentow-na-dolnym-slasku\/\" rel=\"bookmark\">Skrzyd\u0142a Kultury: Kursy Ta\u0144ca i Teatru Dla M\u0142odych Talent\u00f3w na Dolnym \u015al\u0105sku<\/a><\/h3><\/header><!-- .entry-header -->\n\t<div class=\"entry-summary\">\n\t\t<p>Kursy ta\u0144ca i teatru s\u0105 nie tylko miejscem nauki, ale tak\u017ce odkrywania pasji i rozwijania talent\u00f3w artystycznych. Na Dolnym \u015al\u0105sku istnieje wiele miejsc, gdzie m\u0142odzi arty\u015bci mog\u0105 rozwija\u0107 swoje umiej\u0119tno\u015bci w dziedzinie ta\u0144ca i teatru. W niniejszym artykule zaprezentujemy Ci Skrzyd\u0142a Kultury, gdzie m\u0142odzi ludzie mog\u0105 rozwin\u0105\u0107 swoje talenty i pasje artystyczne. Kursy Ta\u0144ca &#8222;Ruch&#8230;<\/p>\n\t<\/div><!-- .entry-summary -->\n\t<footer class=\"entry-footer\">\n\t\t\t<div class=\"entry-actions\">\n\t\t\t<p class=\"more-link-wrap\">\n\t\t\t\t<a href=\"https:\/\/www.bardzomlodakultura.pl\/index.php\/2024\/04\/18\/skrzydla-kultury-kursy-tanca-i-teatru-dla-mlodych-talentow-na-dolnym-slasku\/\" class=\"post-more-link\">\n\t\t\t\t\tCzytaj wi\u0119cej<span class=\"screen-reader-text\"> Skrzyd\u0142a Kultury: Kursy Ta\u0144ca i Teatru Dla M\u0142odych Talent\u00f3w na Dolnym \u015al\u0105sku<\/span><span class=\"kadence-svg-iconset svg-baseline\"><svg aria-hidden=\"true\" class=\"kadence-svg-icon kadence-arrow-right-alt-svg\" fill=\"currentColor\" version=\"1.1\" xmlns=\"http:\/\/www.w3.org\/2000\/svg\" width=\"27\" height=\"28\" viewBox=\"0 0 27 28\"><title>Kontynuuj<\/title><path d=\"M27 13.953c0 0.141-0.063 0.281-0.156 0.375l-6 5.531c-0.156 0.141-0.359 0.172-0.547 0.094-0.172-0.078-0.297-0.25-0.297-0.453v-3.5h-19.5c-0.281 0-0.5-0.219-0.5-0.5v-3c0-0.281 0.219-0.5 0.5-0.5h19.5v-3.5c0-0.203 0.109-0.375 0.297-0.453s0.391-0.047 0.547 0.078l6 5.469c0.094 0.094 0.156 0.219 0.156 0.359v0z\"><\/path>\n\t\t\t<\/svg><\/span>\t\t\t\t<\/a>\n\t\t\t<\/p>\n\t\t<\/div><!-- .entry-actions -->\n\t\t<\/footer><!-- .entry-footer -->\t\t<\/div>\n\t<\/article>\n<\/li>\n<li class=\"kb-post-list-item\">\n\t<article class=\"entry content-bg loop-entry post-570 post type-post status-publish format-standard has-post-thumbnail hentry category-sztuka\">\n\t\t\t\t<a aria-hidden=\"true\" tabindex=\"-1\" role=\"presentation\" class=\"post-thumbnail kadence-thumbnail-ratio-2-3\" href=\"https:\/\/www.bardzomlodakultura.pl\/index.php\/2024\/04\/18\/sztuka-w-praktyce-kreatywne-warsztaty-dla-mlodych-talentow-na-dolnym-slasku\/\" aria-label=\"Sztuka W Praktyce: Kreatywne Warsztaty Dla M\u0142odych Talent\u00f3w na Dolnym \u015al\u0105sku\">\n\t\t\t<div class=\"post-thumbnail-inner\">\n\t\t\t\t<img loading=\"lazy\" decoding=\"async\" width=\"768\" height=\"512\" src=\"https:\/\/www.bardzomlodakultura.pl\/wp-content\/uploads\/2024\/04\/pexels-mccutcheon-1449934-768x512.jpg\" class=\"attachment-medium_large size-medium_large wp-post-image\" alt=\"Sztuka w praktyce\" srcset=\"https:\/\/www.bardzomlodakultura.pl\/wp-content\/uploads\/2024\/04\/pexels-mccutcheon-1449934-768x512.jpg 768w, https:\/\/www.bardzomlodakultura.pl\/wp-content\/uploads\/2024\/04\/pexels-mccutcheon-1449934-300x200.jpg 300w, https:\/\/www.bardzomlodakultura.pl\/wp-content\/uploads\/2024\/04\/pexels-mccutcheon-1449934-1024x682.jpg 1024w, https:\/\/www.bardzomlodakultura.pl\/wp-content\/uploads\/2024\/04\/pexels-mccutcheon-1449934.jpg 1280w\" sizes=\"auto, (max-width: 768px) 100vw, 768px\" \/>\t\t\t<\/div>\n\t\t<\/a><!-- .post-thumbnail -->\n\t\t\t\t<div class=\"entry-content-wrap\">\n\t\t\t<header class=\"entry-header\">\n\t<h3 class=\"entry-title\"><a href=\"https:\/\/www.bardzomlodakultura.pl\/index.php\/2024\/04\/18\/sztuka-w-praktyce-kreatywne-warsztaty-dla-mlodych-talentow-na-dolnym-slasku\/\" rel=\"bookmark\">Sztuka W Praktyce: Kreatywne Warsztaty Dla M\u0142odych Talent\u00f3w na Dolnym \u015al\u0105sku<\/a><\/h3><\/header><!-- .entry-header -->\n\t<div class=\"entry-summary\">\n\t\t<p>Sztuka w praktyce to nie tylko ogl\u0105danie dzie\u0142 sztuki, ale tak\u017ce aktywne uczestnictwo w procesie tw\u00f3rczym. Na Dolnym \u015al\u0105sku istnieje wiele miejsc, gdzie m\u0142odzi arty\u015bci mog\u0105 rozwija\u0107 swoje talenty i eksplorowa\u0107 r\u00f3\u017cne dziedziny sztuki. W niniejszym artykule zaprezentujemy Ci kreatywne warsztaty dla m\u0142odych talent\u00f3w na Dolnym \u015al\u0105sku, kt\u00f3re oferuj\u0105 nie tylko nauk\u0119, ale tak\u017ce inspiracj\u0119&#8230;<\/p>\n\t<\/div><!-- .entry-summary -->\n\t<footer class=\"entry-footer\">\n\t\t\t<div class=\"entry-actions\">\n\t\t\t<p class=\"more-link-wrap\">\n\t\t\t\t<a href=\"https:\/\/www.bardzomlodakultura.pl\/index.php\/2024\/04\/18\/sztuka-w-praktyce-kreatywne-warsztaty-dla-mlodych-talentow-na-dolnym-slasku\/\" class=\"post-more-link\">\n\t\t\t\t\tCzytaj wi\u0119cej<span class=\"screen-reader-text\"> Sztuka W Praktyce: Kreatywne Warsztaty Dla M\u0142odych Talent\u00f3w na Dolnym \u015al\u0105sku<\/span><span class=\"kadence-svg-iconset svg-baseline\"><svg aria-hidden=\"true\" class=\"kadence-svg-icon kadence-arrow-right-alt-svg\" fill=\"currentColor\" version=\"1.1\" xmlns=\"http:\/\/www.w3.org\/2000\/svg\" width=\"27\" height=\"28\" viewBox=\"0 0 27 28\"><title>Kontynuuj<\/title><path d=\"M27 13.953c0 0.141-0.063 0.281-0.156 0.375l-6 5.531c-0.156 0.141-0.359 0.172-0.547 0.094-0.172-0.078-0.297-0.25-0.297-0.453v-3.5h-19.5c-0.281 0-0.5-0.219-0.5-0.5v-3c0-0.281 0.219-0.5 0.5-0.5h19.5v-3.5c0-0.203 0.109-0.375 0.297-0.453s0.391-0.047 0.547 0.078l6 5.469c0.094 0.094 0.156 0.219 0.156 0.359v0z\"><\/path>\n\t\t\t<\/svg><\/span>\t\t\t\t<\/a>\n\t\t\t<\/p>\n\t\t<\/div><!-- .entry-actions -->\n\t\t<\/footer><!-- .entry-footer -->\t\t<\/div>\n\t<\/article>\n<\/li>\n<li class=\"kb-post-list-item\">\n\t<article class=\"entry content-bg loop-entry post-569 post type-post status-publish format-standard has-post-thumbnail hentry category-sztuka\">\n\t\t\t\t<a aria-hidden=\"true\" tabindex=\"-1\" role=\"presentation\" class=\"post-thumbnail kadence-thumbnail-ratio-2-3\" href=\"https:\/\/www.bardzomlodakultura.pl\/index.php\/2024\/04\/18\/teatr-dla-najmlodszych-magiczne-spektakle-dla-dzieci-na-dolnym-slasku\/\" aria-label=\"Teatr Dla Najm\u0142odszych: Magiczne Spektakle Dla Dzieci na Dolnym \u015al\u0105sku\">\n\t\t\t<div class=\"post-thumbnail-inner\">\n\t\t\t\t<img loading=\"lazy\" decoding=\"async\" width=\"768\" height=\"512\" src=\"https:\/\/www.bardzomlodakultura.pl\/wp-content\/uploads\/2024\/04\/teatr-109669-1024x683.jpg\" class=\"attachment-medium_large size-medium_large wp-post-image\" alt=\"Teatr\" \/>\t\t\t<\/div>\n\t\t<\/a><!-- .post-thumbnail -->\n\t\t\t\t<div class=\"entry-content-wrap\">\n\t\t\t<header class=\"entry-header\">\n\t<h3 class=\"entry-title\"><a href=\"https:\/\/www.bardzomlodakultura.pl\/index.php\/2024\/04\/18\/teatr-dla-najmlodszych-magiczne-spektakle-dla-dzieci-na-dolnym-slasku\/\" rel=\"bookmark\">Teatr Dla Najm\u0142odszych: Magiczne Spektakle Dla Dzieci na Dolnym \u015al\u0105sku<\/a><\/h3><\/header><!-- .entry-header -->\n\t<div class=\"entry-summary\">\n\t\t<p>Teatr dla najm\u0142odszych to niezwyk\u0142e do\u015bwiadczenie, kt\u00f3re mo\u017ce rozbudzi\u0107 wyobra\u017ani\u0119 i kreatywno\u015b\u0107 dzieci. Na Dolnym \u015al\u0105sku istnieje wiele teatr\u00f3w i spektakli dedykowanych najm\u0142odszym widzom, kt\u00f3re oferuj\u0105 magiczne przedstawienia pe\u0142ne przygody i fantazji. W niniejszym artykule zabierzemy Ci\u0119 w podr\u00f3\u017c po teatralnych spektaklach dla dzieci na Dolnym \u015al\u0105sku, gdzie ka\u017cde dziecko mo\u017ce odnale\u017a\u0107 swoje miejsce w&#8230;<\/p>\n\t<\/div><!-- .entry-summary -->\n\t<footer class=\"entry-footer\">\n\t\t\t<div class=\"entry-actions\">\n\t\t\t<p class=\"more-link-wrap\">\n\t\t\t\t<a href=\"https:\/\/www.bardzomlodakultura.pl\/index.php\/2024\/04\/18\/teatr-dla-najmlodszych-magiczne-spektakle-dla-dzieci-na-dolnym-slasku\/\" class=\"post-more-link\">\n\t\t\t\t\tCzytaj wi\u0119cej<span class=\"screen-reader-text\"> Teatr Dla Najm\u0142odszych: Magiczne Spektakle Dla Dzieci na Dolnym \u015al\u0105sku<\/span><span class=\"kadence-svg-iconset svg-baseline\"><svg aria-hidden=\"true\" class=\"kadence-svg-icon kadence-arrow-right-alt-svg\" fill=\"currentColor\" version=\"1.1\" xmlns=\"http:\/\/www.w3.org\/2000\/svg\" width=\"27\" height=\"28\" viewBox=\"0 0 27 28\"><title>Kontynuuj<\/title><path d=\"M27 13.953c0 0.141-0.063 0.281-0.156 0.375l-6 5.531c-0.156 0.141-0.359 0.172-0.547 0.094-0.172-0.078-0.297-0.25-0.297-0.453v-3.5h-19.5c-0.281 0-0.5-0.219-0.5-0.5v-3c0-0.281 0.219-0.5 0.5-0.5h19.5v-3.5c0-0.203 0.109-0.375 0.297-0.453s0.391-0.047 0.547 0.078l6 5.469c0.094 0.094 0.156 0.219 0.156 0.359v0z\"><\/path>\n\t\t\t<\/svg><\/span>\t\t\t\t<\/a>\n\t\t\t<\/p>\n\t\t<\/div><!-- .entry-actions -->\n\t\t<\/footer><!-- .entry-footer -->\t\t<\/div>\n\t<\/article>\n<\/li>\n<li class=\"kb-post-list-item\">\n\t<article class=\"entry content-bg loop-entry post-566 post type-post status-publish format-standard has-post-thumbnail hentry category-sztuka\">\n\t\t\t\t<a aria-hidden=\"true\" tabindex=\"-1\" role=\"presentation\" class=\"post-thumbnail kadence-thumbnail-ratio-2-3\" href=\"https:\/\/www.bardzomlodakultura.pl\/index.php\/2024\/04\/18\/kolorowa-mapa-sztuki-warsztaty-i-wydarzenia-kulturalne-dla-dzieci-na-dolnym-slasku\/\" aria-label=\"Kolorowa Mapa Sztuki: Warsztaty i Wydarzenia Kulturalne Dla Dzieci na Dolnym \u015al\u0105sku\">\n\t\t\t<div class=\"post-thumbnail-inner\">\n\t\t\t\t<img loading=\"lazy\" decoding=\"async\" width=\"768\" height=\"512\" src=\"https:\/\/www.bardzomlodakultura.pl\/wp-content\/uploads\/2024\/04\/pexels-mccutcheon-1148998-768x512.jpg\" class=\"attachment-medium_large size-medium_large wp-post-image\" alt=\"warsztaty sztuki\" srcset=\"https:\/\/www.bardzomlodakultura.pl\/wp-content\/uploads\/2024\/04\/pexels-mccutcheon-1148998-768x512.jpg 768w, https:\/\/www.bardzomlodakultura.pl\/wp-content\/uploads\/2024\/04\/pexels-mccutcheon-1148998-300x200.jpg 300w, https:\/\/www.bardzomlodakultura.pl\/wp-content\/uploads\/2024\/04\/pexels-mccutcheon-1148998-1024x682.jpg 1024w, https:\/\/www.bardzomlodakultura.pl\/wp-content\/uploads\/2024\/04\/pexels-mccutcheon-1148998.jpg 1280w\" sizes=\"auto, (max-width: 768px) 100vw, 768px\" \/>\t\t\t<\/div>\n\t\t<\/a><!-- .post-thumbnail -->\n\t\t\t\t<div class=\"entry-content-wrap\">\n\t\t\t<header class=\"entry-header\">\n\t<h3 class=\"entry-title\"><a href=\"https:\/\/www.bardzomlodakultura.pl\/index.php\/2024\/04\/18\/kolorowa-mapa-sztuki-warsztaty-i-wydarzenia-kulturalne-dla-dzieci-na-dolnym-slasku\/\" rel=\"bookmark\">Kolorowa Mapa Sztuki: Warsztaty i Wydarzenia Kulturalne Dla Dzieci na Dolnym \u015al\u0105sku<\/a><\/h3><\/header><!-- .entry-header -->\n\t<div class=\"entry-summary\">\n\t\t<p>Dolny \u015al\u0105sk to nie tylko region bogaty w zabytki i histori\u0119, ale tak\u017ce miejsce, gdzie sztuka \u0142\u0105czy si\u0119 z przygod\u0105 i kreatywno\u015bci\u0105 dla dzieci. Kolorowa mapa sztuki to przewodnik po najciekawszych warsztatach i wydarzeniach kulturalnych, kt\u00f3re czekaj\u0105 na m\u0142odych odkrywc\u00f3w na Dolnym \u015al\u0105sku. W tej podr\u00f3\u017cy przez krain\u0119 sztuki ka\u017cde dziecko mo\u017ce odnale\u017a\u0107 swoj\u0105 pasj\u0119&#8230;<\/p>\n\t<\/div><!-- .entry-summary -->\n\t<footer class=\"entry-footer\">\n\t\t\t<div class=\"entry-actions\">\n\t\t\t<p class=\"more-link-wrap\">\n\t\t\t\t<a href=\"https:\/\/www.bardzomlodakultura.pl\/index.php\/2024\/04\/18\/kolorowa-mapa-sztuki-warsztaty-i-wydarzenia-kulturalne-dla-dzieci-na-dolnym-slasku\/\" class=\"post-more-link\">\n\t\t\t\t\tCzytaj wi\u0119cej<span class=\"screen-reader-text\"> Kolorowa Mapa Sztuki: Warsztaty i Wydarzenia Kulturalne Dla Dzieci na Dolnym \u015al\u0105sku<\/span><span class=\"kadence-svg-iconset svg-baseline\"><svg aria-hidden=\"true\" class=\"kadence-svg-icon kadence-arrow-right-alt-svg\" fill=\"currentColor\" version=\"1.1\" xmlns=\"http:\/\/www.w3.org\/2000\/svg\" width=\"27\" height=\"28\" viewBox=\"0 0 27 28\"><title>Kontynuuj<\/title><path d=\"M27 13.953c0 0.141-0.063 0.281-0.156 0.375l-6 5.531c-0.156 0.141-0.359 0.172-0.547 0.094-0.172-0.078-0.297-0.25-0.297-0.453v-3.5h-19.5c-0.281 0-0.5-0.219-0.5-0.5v-3c0-0.281 0.219-0.5 0.5-0.5h19.5v-3.5c0-0.203 0.109-0.375 0.297-0.453s0.391-0.047 0.547 0.078l6 5.469c0.094 0.094 0.156 0.219 0.156 0.359v0z\"><\/path>\n\t\t\t<\/svg><\/span>\t\t\t\t<\/a>\n\t\t\t<\/p>\n\t\t<\/div><!-- .entry-actions -->\n\t\t<\/footer><!-- .entry-footer -->\t\t<\/div>\n\t<\/article>\n<\/li>\n<li class=\"kb-post-list-item\">\n\t<article class=\"entry content-bg loop-entry post-16 post type-post status-publish format-standard has-post-thumbnail hentry category-sztuka\">\n\t\t\t\t<a aria-hidden=\"true\" tabindex=\"-1\" role=\"presentation\" class=\"post-thumbnail kadence-thumbnail-ratio-2-3\" href=\"https:\/\/www.bardzomlodakultura.pl\/index.php\/2017\/08\/11\/sztuka-recyklingu\/\" aria-label=\"Sztuka Recyklingu\">\n\t\t\t<div class=\"post-thumbnail-inner\">\n\t\t\t\t<img loading=\"lazy\" decoding=\"async\" width=\"768\" height=\"511\" src=\"https:\/\/www.bardzomlodakultura.pl\/wp-content\/uploads\/2017\/08\/pexels-mali-802221-768x511.jpg\" class=\"attachment-medium_large size-medium_large wp-post-image\" alt=\"recykling\" srcset=\"https:\/\/www.bardzomlodakultura.pl\/wp-content\/uploads\/2017\/08\/pexels-mali-802221-768x511.jpg 768w, https:\/\/www.bardzomlodakultura.pl\/wp-content\/uploads\/2017\/08\/pexels-mali-802221-300x200.jpg 300w, https:\/\/www.bardzomlodakultura.pl\/wp-content\/uploads\/2017\/08\/pexels-mali-802221-1024x681.jpg 1024w, https:\/\/www.bardzomlodakultura.pl\/wp-content\/uploads\/2017\/08\/pexels-mali-802221.jpg 1279w\" sizes=\"auto, (max-width: 768px) 100vw, 768px\" \/>\t\t\t<\/div>\n\t\t<\/a><!-- .post-thumbnail -->\n\t\t\t\t<div class=\"entry-content-wrap\">\n\t\t\t<header class=\"entry-header\">\n\t<h3 class=\"entry-title\"><a href=\"https:\/\/www.bardzomlodakultura.pl\/index.php\/2017\/08\/11\/sztuka-recyklingu\/\" rel=\"bookmark\">Sztuka Recyklingu<\/a><\/h3><\/header><!-- .entry-header -->\n\t<div class=\"entry-summary\">\n\t\t<p>Sztuka recyklingu to nie tylko dzia\u0142anie ekologiczne, ale tak\u017ce kreatywna forma wyra\u017cania si\u0119 poprzez ponowne wykorzystanie materia\u0142\u00f3w. W obliczu rosn\u0105cej \u015bwiadomo\u015bci ekologicznej spo\u0142ecze\u0144stwa, sztuka recyklingu staje si\u0119 coraz bardziej popularna, zdobywaj\u0105c uznanie zar\u00f3wno w\u015br\u00f3d artyst\u00f3w, jak i odbiorc\u00f3w. To nie tylko spos\u00f3b na zmniejszenie ilo\u015bci odpad\u00f3w, lecz tak\u017ce mo\u017cliwo\u015b\u0107 tworzenia unikalnych dzie\u0142, kt\u00f3re inspiruj\u0105 do&#8230;<\/p>\n\t<\/div><!-- .entry-summary -->\n\t<footer class=\"entry-footer\">\n\t\t\t<div class=\"entry-actions\">\n\t\t\t<p class=\"more-link-wrap\">\n\t\t\t\t<a href=\"https:\/\/www.bardzomlodakultura.pl\/index.php\/2017\/08\/11\/sztuka-recyklingu\/\" class=\"post-more-link\">\n\t\t\t\t\tCzytaj wi\u0119cej<span class=\"screen-reader-text\"> Sztuka Recyklingu<\/span><span class=\"kadence-svg-iconset svg-baseline\"><svg aria-hidden=\"true\" class=\"kadence-svg-icon kadence-arrow-right-alt-svg\" fill=\"currentColor\" version=\"1.1\" xmlns=\"http:\/\/www.w3.org\/2000\/svg\" width=\"27\" height=\"28\" viewBox=\"0 0 27 28\"><title>Kontynuuj<\/title><path d=\"M27 13.953c0 0.141-0.063 0.281-0.156 0.375l-6 5.531c-0.156 0.141-0.359 0.172-0.547 0.094-0.172-0.078-0.297-0.25-0.297-0.453v-3.5h-19.5c-0.281 0-0.5-0.219-0.5-0.5v-3c0-0.281 0.219-0.5 0.5-0.5h19.5v-3.5c0-0.203 0.109-0.375 0.297-0.453s0.391-0.047 0.547 0.078l6 5.469c0.094 0.094 0.156 0.219 0.156 0.359v0z\"><\/path>\n\t\t\t<\/svg><\/span>\t\t\t\t<\/a>\n\t\t\t<\/p>\n\t\t<\/div><!-- .entry-actions -->\n\t\t<\/footer><!-- .entry-footer -->\t\t<\/div>\n\t<\/article>\n<\/li>\n<\/ul><\/div><\/div>\n\n\n<style>.kadence-column540_a60b0e-68 > .kt-inside-inner-col,.kadence-column540_a60b0e-68 > .kt-inside-inner-col:before{border-top-left-radius:0px;border-top-right-radius:0px;border-bottom-right-radius:0px;border-bottom-left-radius:0px;}.kadence-column540_a60b0e-68 > .kt-inside-inner-col{column-gap:var(--global-kb-gap-sm, 1rem);}.kadence-column540_a60b0e-68 > .kt-inside-inner-col{flex-direction:column;}.kadence-column540_a60b0e-68 > .kt-inside-inner-col > .aligncenter{width:100%;}.kadence-column540_a60b0e-68 > .kt-inside-inner-col:before{opacity:0.3;}.kadence-column540_a60b0e-68{position:relative;}@media all and (max-width: 1024px){.kadence-column540_a60b0e-68 > .kt-inside-inner-col{flex-direction:column;justify-content:center;}}@media all and (max-width: 767px){.kadence-column540_a60b0e-68 > .kt-inside-inner-col{flex-direction:column;justify-content:center;}}<\/style>\n<div class=\"wp-block-kadence-column kadence-column540_a60b0e-68\"><div class=\"kt-inside-inner-col\"><\/div><\/div>\n\n<\/div><\/div>","protected":false},"excerpt":{"rendered":"","protected":false},"author":1,"featured_media":0,"parent":0,"menu_order":0,"comment_status":"closed","ping_status":"closed","template":"","meta":{"_kadence_starter_templates_imported_post":false,"_kad_post_transparent":"","_kad_post_title":"","_kad_post_layout":"","_kad_post_sidebar_id":"","_kad_post_content_style":"","_kad_post_vertical_padding":"","_kad_post_feature":"","_kad_post_feature_position":"","_kad_post_header":false,"_kad_post_footer":false,"_kad_post_classname":"","footnotes":""},"class_list":["post-540","page","type-page","status-publish","hentry"],"_links":{"self":[{"href":"https:\/\/www.bardzomlodakultura.pl\/index.php\/wp-json\/wp\/v2\/pages\/540","targetHints":{"allow":["GET"]}}],"collection":[{"href":"https:\/\/www.bardzomlodakultura.pl\/index.php\/wp-json\/wp\/v2\/pages"}],"about":[{"href":"https:\/\/www.bardzomlodakultura.pl\/index.php\/wp-json\/wp\/v2\/types\/page"}],"author":[{"embeddable":true,"href":"https:\/\/www.bardzomlodakultura.pl\/index.php\/wp-json\/wp\/v2\/users\/1"}],"replies":[{"embeddable":true,"href":"https:\/\/www.bardzomlodakultura.pl\/index.php\/wp-json\/wp\/v2\/comments?post=540"}],"version-history":[{"count":3,"href":"https:\/\/www.bardzomlodakultura.pl\/index.php\/wp-json\/wp\/v2\/pages\/540\/revisions"}],"predecessor-version":[{"id":554,"href":"https:\/\/www.bardzomlodakultura.pl\/index.php\/wp-json\/wp\/v2\/pages\/540\/revisions\/554"}],"wp:attachment":[{"href":"https:\/\/www.bardzomlodakultura.pl\/index.php\/wp-json\/wp\/v2\/media?parent=540"}],"curies":[{"name":"wp","href":"https:\/\/api.w.org\/{rel}","templated":true}]}}