{"id":9,"date":"2024-04-18T10:17:22","date_gmt":"2024-04-18T08:17:22","guid":{"rendered":"https:\/\/www.bardzomlodakultura.pl\/?page_id=9"},"modified":"2024-04-18T10:24:55","modified_gmt":"2024-04-18T08:24:55","slug":"harmonogram","status":"publish","type":"page","link":"https:\/\/www.bardzomlodakultura.pl\/index.php\/harmonogram\/","title":{"rendered":"Harmonogram"},"content":{"rendered":"\n<p>Etapy realizacji programu&nbsp;<em>Bardzo M\u0142oda Kultura na Dolnym \u015al\u0105sku<\/em>&nbsp;w 2018&nbsp;roku&nbsp;<\/p>\n\n\n\n<hr class=\"wp-block-separator has-alpha-channel-opacity\"\/>\n\n\n\n<ul class=\"wp-block-list\">\n<li><strong>marzec<\/strong>\u00a0\u2013 dzia\u0142alno\u015b\u0107 informacyjna oraz nawi\u0105zywanie relacji z potencjalnymi liderami projekt\u00f3w i przeprowadzenie cyklu 4 spotka\u0144 informacyjnych rozpoczynaj\u0105cych si\u0119 o sta\u0142ej porze \u2013 11:00 do 14:00.\u00a0<\/li>\n<\/ul>\n\n\n\n<p><em>13 marca godz. od 11.00 do 14.00,<strong>&nbsp;Jawor<\/strong>, ul. Parkowa 5,&nbsp;Europejskie&nbsp;Centrum M\u0142odzie\u017cy Euroregionu Nysa<\/em><\/p>\n\n\n\n<p><em>20 marca godz. od 11:00 do 14:00,&nbsp;<strong>Gryf\u00f3w \u015al\u0105ski,<\/strong>&nbsp;ul. Kolejowa 31 \u2013 Hotel \u201eStacja nad Kwis\u0105\u201d<\/em><\/p>\n\n\n\n<p><em>21 marca godz. od 11:00 do 14:00,&nbsp;<strong>O\u0142awa,&nbsp;<\/strong>Plac Zamkowy 10 &nbsp;\u2013 Liceum Og\u00f3lnokszta\u0142c\u0105ce nr 1<\/em><\/p>\n\n\n\n<p><em>22 marca godz. od 11:00 do 14:00,&nbsp;<strong>K\u0142odzko<\/strong>, ul. Wojska Polskiego 11 \u2013 I Liceum Og\u00f3lnokszta\u0142c\u0105ce im. Boles\u0142awa Chrobrego.<\/em><\/p>\n\n\n\n<hr class=\"wp-block-separator has-alpha-channel-opacity\"\/>\n\n\n\n<ul class=\"wp-block-list\">\n<li>Warsztaty i spotkanie kwalifikuj\u0105ce do projektu BMK na Dolnym \u015al\u0105sku\u00a0(obecno\u015b\u0107 obowi\u0105zkowa);<\/li>\n<\/ul>\n\n\n\n<p><em>11 kwietnia godz. od 11:00 do 14:00,&nbsp;<strong>Legnica<\/strong>, Plac Zamkowy 1 \u2013 Zamek Piastowski<\/em><\/p>\n\n\n\n<hr class=\"wp-block-separator has-alpha-channel-opacity\"\/>\n\n\n\n<ul class=\"wp-block-list\">\n<li><strong>16-20\u00a0kwietnia \u2013\u00a0<\/strong>nab\u00f3r wst\u0119pnych wersji projekt\u00f3w sk\u0142adanych przez lider\u00f3w zespo\u0142\u00f3w z wykorzystaniem elektronicznego formularza zg\u0142oszeniowego. Zg\u0142oszenia poprzez formularz\u00a0elektroniczny, kt\u00f3ry b\u0119dzie dost\u0119pny w zak\u0142adce\u00a0&#8222;Formularz &#8221; od 16 do 20\u00a0kwietnia, godz. 23:59;<\/li>\n<\/ul>\n\n\n\n<hr class=\"wp-block-separator has-alpha-channel-opacity\"\/>\n\n\n\n<ul class=\"wp-block-list\">\n<li><strong>do 24 kwietnia \u2013\u00a0<\/strong>wyb\u00f3r\u00a0najlepszych (ilo\u015b\u0107 zgodnie z obowi\u0105zuj\u0105cym regulaminem) wst\u0119pnych wersji projekt\u00f3w do etapu konsultacji. Opublikowanie wynik\u00f3w post\u0119powania konkursowego na stronie www.bardzomlodakultura.pl;<\/li>\n<\/ul>\n\n\n\n<hr class=\"wp-block-separator has-alpha-channel-opacity\"\/>\n\n\n\n<ul class=\"wp-block-list\">\n<li><strong>26\u00a0kwietnia \u2013 11\u00a0 maja<\/strong>\u00a0\u2013 konsultacje z ekspertami, dopracowanie projekt\u00f3w;<\/li>\n<\/ul>\n\n\n\n<hr class=\"wp-block-separator has-alpha-channel-opacity\"\/>\n\n\n\n<ul class=\"wp-block-list\">\n<li><strong>14\u00a0\u2013 21\u00a0maja<\/strong>\u00a0\u2013 sk\u0142adanie lub przes\u0142anie rozbudowanych wniosk\u00f3w w wersji papierowej do siedziby O\u015brodka Kultury i Sztuki we Wroc\u0142awiu, Rynek-Ratusz 24, 50-101 Wroc\u0142aw, do godz. 15:00.\u00a0Obowi\u0105zuje data wp\u0142yni\u0119cia wniosku do OKiS;<\/li>\n<\/ul>\n\n\n\n<hr class=\"wp-block-separator has-alpha-channel-opacity\"\/>\n\n\n\n<ul class=\"wp-block-list\">\n<li><strong>do 25\u00a0maja<\/strong>\u00a0\u2013\u00a0wyb\u00f3r najlepszych 7 projekt\u00f3w do realizacji \u2013 opublikowanie wynik\u00f3w post\u0119powania konkursowego na stronie:<\/li>\n<\/ul>\n\n\n\n<p><a href=\"https:\/\/web.archive.org\/web\/20230131233756\/http:\/\/bardzomlodakultura.pl\/\">www.bardzomlodakultura.pl<\/a><\/p>\n\n\n\n<p><a href=\"https:\/\/web.archive.org\/web\/20230131233756\/http:\/\/www.dokis.pl\/konkursy\">www.dokis.pl\/konkursy<\/a><\/p>\n\n\n\n<hr class=\"wp-block-separator has-alpha-channel-opacity\"\/>\n\n\n\n<ul class=\"wp-block-list\">\n<li><strong>maj \u2013 pa\u017adziernik\u00a0<\/strong>\u2013 warsztaty dla zespo\u0142\u00f3w projektowych.<br>\u00a0\u2013 27-28 czerwca (warsztaty dwudniowe),<br>\u00a0\u2013 29-30 sierpnia (warsztaty dwudniowe),<br>\u00a0\u2013 (warsztaty jednodniowe).<\/li>\n<\/ul>\n\n\n\n<hr class=\"wp-block-separator has-alpha-channel-opacity\"\/>\n\n\n\n<ul class=\"wp-block-list\">\n<li><strong>18 czerwiec\u00a0\u2013 15\u00a0pa\u017adziernik<\/strong>\u00a0\u2013 realizacja projekt\u00f3w;<\/li>\n<\/ul>\n\n\n\n<hr class=\"wp-block-separator has-alpha-channel-opacity\"\/>\n\n\n\n<ul class=\"wp-block-list\">\n<li><strong>wrzesie\u0144 \u2013 pa\u017adziernik<\/strong>\u00a0\u2013 spotkanie ewaluacyjne i konferencja podsumowuj\u0105ca p\u00f3\u0142metek trzyletniego projektu BMK na Dolnym \u015al\u0105sku z udzia\u0142em przedstawicieli samorz\u0105du terytorialnego;<\/li>\n<\/ul>\n\n\n\n<hr class=\"wp-block-separator has-alpha-channel-opacity\"\/>\n\n\n\n<ul class=\"wp-block-list\">\n<li><strong>15 pa\u017adziernika\u00a0\u2013\u00a0 23\u00a0listopada \u2013\u00a0<\/strong>formalne zamkni\u0119cie projekt\u00f3w wraz z przekazaniem sprawozda\u0144 do dolno\u015bl\u0105skiego operatora programu;<\/li>\n<\/ul>\n\n\n\n<hr class=\"wp-block-separator has-alpha-channel-opacity\"\/>\n\n\n\n<ul class=\"wp-block-list\">\n<li><strong>do 30 listopada<\/strong>\u00a0roczne rozliczenie programu przez operatora.<\/li>\n<\/ul>\n","protected":false},"excerpt":{"rendered":"<p>Etapy realizacji programu&nbsp;Bardzo M\u0142oda Kultura na Dolnym \u015al\u0105sku&nbsp;w 2018&nbsp;roku&nbsp; 13 marca godz. od 11.00 do 14.00,&nbsp;Jawor, ul. Parkowa 5,&nbsp;Europejskie&nbsp;Centrum M\u0142odzie\u017cy Euroregionu Nysa 20 marca godz. od 11:00 do 14:00,&nbsp;Gryf\u00f3w \u015al\u0105ski,&nbsp;ul. Kolejowa 31 \u2013 Hotel \u201eStacja nad Kwis\u0105\u201d 21 marca godz. od 11:00 do 14:00,&nbsp;O\u0142awa,&nbsp;Plac Zamkowy 10 &nbsp;\u2013 Liceum Og\u00f3lnokszta\u0142c\u0105ce nr 1 22 marca godz. od&#8230;<\/p>\n","protected":false},"author":1,"featured_media":0,"parent":0,"menu_order":0,"comment_status":"closed","ping_status":"closed","template":"","meta":{"_kadence_starter_templates_imported_post":false,"_kad_post_transparent":"","_kad_post_title":"","_kad_post_layout":"","_kad_post_sidebar_id":"","_kad_post_content_style":"","_kad_post_vertical_padding":"","_kad_post_feature":"","_kad_post_feature_position":"","_kad_post_header":false,"_kad_post_footer":false,"_kad_post_classname":"","footnotes":""},"class_list":["post-9","page","type-page","status-publish","hentry"],"_links":{"self":[{"href":"https:\/\/www.bardzomlodakultura.pl\/index.php\/wp-json\/wp\/v2\/pages\/9","targetHints":{"allow":["GET"]}}],"collection":[{"href":"https:\/\/www.bardzomlodakultura.pl\/index.php\/wp-json\/wp\/v2\/pages"}],"about":[{"href":"https:\/\/www.bardzomlodakultura.pl\/index.php\/wp-json\/wp\/v2\/types\/page"}],"author":[{"embeddable":true,"href":"https:\/\/www.bardzomlodakultura.pl\/index.php\/wp-json\/wp\/v2\/users\/1"}],"replies":[{"embeddable":true,"href":"https:\/\/www.bardzomlodakultura.pl\/index.php\/wp-json\/wp\/v2\/comments?post=9"}],"version-history":[{"count":2,"href":"https:\/\/www.bardzomlodakultura.pl\/index.php\/wp-json\/wp\/v2\/pages\/9\/revisions"}],"predecessor-version":[{"id":18,"href":"https:\/\/www.bardzomlodakultura.pl\/index.php\/wp-json\/wp\/v2\/pages\/9\/revisions\/18"}],"wp:attachment":[{"href":"https:\/\/www.bardzomlodakultura.pl\/index.php\/wp-json\/wp\/v2\/media?parent=9"}],"curies":[{"name":"wp","href":"https:\/\/api.w.org\/{rel}","templated":true}]}}